{"id":37031,"date":"2024-08-22T16:55:42","date_gmt":"2024-08-22T21:55:42","guid":{"rendered":"https:\/\/dif.qroo.gob.mx\/?page_id=37031"},"modified":"2026-01-15T14:59:02","modified_gmt":"2026-01-15T19:59:02","slug":"comite-de-control-y-desempeno-institucional","status":"publish","type":"page","link":"https:\/\/dif.qroo.gob.mx\/index.php\/comite-de-control-y-desempeno-institucional\/","title":{"rendered":"COMIT\u00c9 DE CONTROL Y DESEMPE\u00d1O INSTITUCIONAL"},"content":{"rendered":"\t\t<div data-elementor-type=\"wp-page\" data-elementor-id=\"37031\" class=\"elementor elementor-37031\">\n\t\t\t\t<div class=\"elementor-element elementor-element-79670704 e-con-full e-flex e-con e-parent\" data-id=\"79670704\" data-element_type=\"container\">\n\t\t\t\t<div class=\"elementor-element elementor-element-f8fed3b elementor-widget elementor-widget-text-editor\" data-id=\"f8fed3b\" data-element_type=\"widget\" data-widget_type=\"text-editor.default\">\n\t\t\t\t<div class=\"elementor-widget-container\">\n\t\t\t\t\t\t\t\t\t<h1 class=\"entry-title\">COMIT\u00c9 DE CONTROL Y DESEMPE\u00d1O INSTITUCIONAL<\/h1><div class=\"entry-content\"><table><tbody><tr><th>INTEGRANTES<\/th><\/tr><tr><td><p><strong>M.A.N. Abril Cristina Sabido Alc\u00e9rreca.<\/strong><br \/>Directora General y Presidenta del Comit\u00e9 de Control y de Desempe\u00f1o Institucional del Sistema DIF Quintana Roo.<\/p><p><strong>Dr.N.E. Juan Carlos Rodr\u00edguez Ortiz.<\/strong><br \/>Subdirector General Operativo y Mejora Regulatoria y Coordinador de Control Interno del Sistema DIF Quintana Roo.<\/p><p><strong>Dr. Jes\u00fas Ricardo Ayala Ram\u00edrez.<\/strong><br \/>Subsecretario de An\u00e1lisis Econ\u00f3mico y Finanzas P\u00fablicas y Vocal del Comit\u00e9 de Control y de Desempe\u00f1o Institucional del Sistema DIF Quintana Roo.<\/p><p><strong>L.C. Mayte Olivares Caceres.<\/strong><br \/>Titular del \u00d3rgano Interno de Control y Vocal del Comit\u00e9 de Control y de Desempe\u00f1o Institucional del Sistema DIF Quintana Roo.<\/p><p><strong>C.P. Ver\u00f3nica del Pilar Zavala P\u00e9rez.<\/strong><br \/>Subdirectora General Administrativa y de Archivos y Vocal del Comit\u00e9 de Control y de Desempe\u00f1o Institucional del Sistema DIF Quintana Roo.<\/p><p><strong>Lic. Jes\u00fas Antonio Chan Avenda\u00f1o.<\/strong><br \/>Director Jur\u00eddico y Unidad de Transparencia, Acceso a la Informaci\u00f3n P\u00fablica y Protecci\u00f3n de Datos Personales y Vocal del Comit\u00e9 de Control y de Desempe\u00f1o Institucional del Sistema DIF Quintana Roo.<\/p><p><strong>L.I.G.E. Mar\u00eda Ang\u00e9lica Samos Bautista.<\/strong><br \/>Directora T\u00e9cnica de Planeaci\u00f3n y Mejora Regulatoria y Auxiliar de Control Interno del Sistema DIF Quintana Roo.<\/p><\/td><\/tr><\/tbody><\/table><table><tbody><tr><th>\u00bfQU\u00c9 ES EL CONTROL INTERNO?<\/th><\/tr><tr><td><strong>Es un conjunto de normas, procesos, mecanismos, \u00f3rganos e informaci\u00f3n que interact\u00faan entre s\u00ed, y que se aplican en las instituciones a nivel planeaci\u00f3n, organizaci\u00f3n, ejecuci\u00f3n, direcci\u00f3n, informaci\u00f3n y seguimiento de sus procesos de gesti\u00f3n, con el fin de proporcionar una seguridad razonable en la consecuci\u00f3n de los objetivos y metas institucionales, salvaguardar los recursos p\u00fablicos, promover un ambiente de \u00e9tica e integridad, para prevenir y evitar la ocurrencia de actos de corrupci\u00f3n, as\u00ed como coadyuvar en la transparencia y la rendici\u00f3n de cuentas en la gesti\u00f3n p\u00fablica.<\/strong><\/td><\/tr><\/tbody><\/table><table><tbody><tr><th>NORMATIVIDAD<\/th><th>ACCI\u00d3N<\/th><\/tr><tr><td><strong>Acuerdo por el que se emiten las Normas Generales de Control Interno de la Administraci\u00f3n P\u00fablica Central y Paraestatal del Estado de Quintana Roo (23-Julio-2019).<\/strong><\/td><td><a href=\"https:\/\/drive.google.com\/file\/d\/1vNnz7HLix4yiucyVK1va2y1CiuOYpox7\/view?usp=sharing\" target=\"_blank\" rel=\"noopener\">Descargar<\/a><\/td><\/tr><tr><td><strong>Acuerdo por el cual se emiten los Lineamientos para la Integraci\u00f3n y Funcionamiento de los Comit\u00e9s de Control y Desempe\u00f1o Institucional para la Administraci\u00f3n P\u00fablica Central y Para Estatal del Estado de Quintana Roo (07-Noviembre-2019).<\/strong><\/td><td><a href=\"https:\/\/drive.google.com\/file\/d\/16H638FoUN1PzZyOgkgaOSTGB94pnxRGD\/view?usp=sharing\" target=\"_blank\" rel=\"noopener\">Descargar<\/a><\/td><\/tr><tr><td><strong>Acuerdo por el que se emiten las Pol\u00edticas de Administraci\u00f3n de Riesgos y los Lineamientos de la Metodolog\u00eda para la Identificaci\u00f3n y Evaluaci\u00f3n de Riesgos de Procesos para la Administraci\u00f3n P\u00fablica Central y Paraestatal del Estado de Quintana Roo (07-Noviembre-2019).<\/strong><\/td><td><a href=\"https:\/\/drive.google.com\/file\/d\/1Mrc2MJv_GdG8VA2_zY6EVvu9Lq1dZapD\/view?usp=sharing\" target=\"_blank\" rel=\"noopener\">Descargar<\/a><\/td><\/tr><tr><td><strong>Acuerdo por el que se emite la Metodolog\u00eda de Evaluaci\u00f3n del Sistema de Control Interno Institucional y los Lineamientos para la Elaboraci\u00f3n y Presentaci\u00f3n del Informe Anual del Estado que Guarda el Sistema de Control Interno Institucional, para la Administraci\u00f3n P\u00fablica Central y Paraestatal del Estado de Quintana Roo (22-Diciembre-2025).<\/strong><\/td><td><a href=\"https:\/\/drive.google.com\/file\/d\/1gRZXhicavjMaVebtZ7VIq-2-UtcJyT6l\/view\" target=\"_blank\" rel=\"noopener\">Descargar<\/a><\/td><\/tr><\/tbody><\/table><table><tbody><tr><th>ACTIVIDADES INSTITUCIONALES DEL COCODI-DIF POR A\u00d1O<\/th><th>ACCI\u00d3N<\/th><\/tr><tr><td><strong>2019<\/strong><\/td><\/tr><tr><td><strong>\u00a0\u00a0\u00a0\u00a0\u00a0001. Acta de Instalaci\u00f3n del COCODI (13-Diciembre-2019).<\/strong><\/td><td><a href=\"https:\/\/drive.google.com\/file\/d\/1_mU4TpjNntuJDgpfwblOcahVUAlyt2M2\/view\" target=\"_blank\" rel=\"noopener\">Descargar<\/a><\/td><\/tr><tr><td><strong>2020<\/strong><\/td><\/tr><tr><td><strong>\u00a0\u00a0\u00a0\u00a0\u00a0001. Acta de la Primera Sesi\u00f3n Ordinaria del COCODI 2020 (23-Enero-2020).<\/strong><\/td><td><a href=\"https:\/\/drive.google.com\/file\/d\/1pAcvy7KdjoH67F5oY-gwkey1pwvn0pg1\/view\" target=\"_blank\" rel=\"noopener\">Descargar<\/a><\/td><\/tr><tr><td><strong>\u00a0\u00a0\u00a0\u00a0\u00a0002. Acta de la Primera Sesi\u00f3n Extraordinaria del COCODI 2020 (17-Junio-2020).<\/strong><\/td><td><a href=\"https:\/\/drive.google.com\/file\/d\/1GyoY5z-BZ_7Y9yOMgD1hnb9WtXKfYebX\/view\" target=\"_blank\" rel=\"noopener\">Descargar<\/a><\/td><\/tr><tr><td><strong>\u00a0\u00a0\u00a0\u00a0\u00a0003. Acta de la Segunda Sesi\u00f3n Ordinaria del COCODI 2020 (21-Octubre-2020).<\/strong><\/td><td><a href=\"https:\/\/drive.google.com\/file\/d\/1msiysxmwCGvXx3uYSvWeeKdQAq0be26W\/view\" target=\"_blank\" rel=\"noopener\">Descargar<\/a><\/td><\/tr><tr><td><strong>\u00a0\u00a0\u00a0\u00a0\u00a0004. Acta de la Tercera y Cuarta Sesi\u00f3n Ordinaria del COCODI 2020 (16-Diciembre-2020).<\/strong><\/td><td><a href=\"https:\/\/drive.google.com\/file\/d\/13aVbgQM7-nxITxPt968A_yQWIhUypC5H\/view\" target=\"_blank\" rel=\"noopener\">Descargar<\/a><\/td><\/tr><tr><td><strong>\u00a0\u00a0\u00a0\u00a0\u00a0005. Informe Anual del Estado de Guarda el Sistema de Control Interno Institucional 2020 (01-Junio-2020).<\/strong><\/td><td><a href=\"https:\/\/drive.google.com\/file\/d\/1Kc5zq_9D6R8Z873i0FAruMOS506R2Z8L\/view\" target=\"_blank\" rel=\"noopener\">Descargar<\/a><\/td><\/tr><tr><td><strong>2021<\/strong><\/td><\/tr><tr><td><strong>\u00a0\u00a0\u00a0\u00a0\u00a0001. Acta de la Primera Sesi\u00f3n Ordinaria del COCODI 2021 (24-Marzo-2021).<\/strong><\/td><td><a href=\"https:\/\/drive.google.com\/file\/d\/1NGZZ7d7yo3Rz_v7lLeh7tRd3ZRNlPQk8\/view\" target=\"_blank\" rel=\"noopener\">Descargar<\/a><\/td><\/tr><tr><td><strong>\u00a0\u00a0\u00a0\u00a0\u00a0002. Acta de la Segunda Sesi\u00f3n Ordinaria del COCODI 2021 (27-Mayo-2021).<\/strong><\/td><td><a href=\"https:\/\/drive.google.com\/file\/d\/1wsIR1_eWZTcubge6kO5cmI3UoQWnz0Qn\/view\" target=\"_blank\" rel=\"noopener\">Descargar<\/a><\/td><\/tr><tr><td><strong>\u00a0\u00a0\u00a0\u00a0\u00a0003. Acta de la Tercera Sesi\u00f3n Ordinaria del COCODI 2021 (26-Agosto-2021).<\/strong><\/td><td><a href=\"https:\/\/drive.google.com\/file\/d\/1IYfWOqf3BezUcBb3VNsZ2w7xiF0RgiIL\/view\" target=\"_blank\" rel=\"noopener\">Descargar<\/a><\/td><\/tr><tr><td><strong>\u00a0\u00a0\u00a0\u00a0\u00a0004. Acta de la Cuarta Sesi\u00f3n Ordinaria del COCODI 2021 (18-Noviembre-2021).<\/strong><\/td><td><a href=\"https:\/\/drive.google.com\/file\/d\/1AZ0JLwh3ps_btGLO_GvZ4UUsv2viZUSY\/view\" target=\"_blank\" rel=\"noopener\">Descargar<\/a><\/td><\/tr><tr><td><strong>\u00a0\u00a0\u00a0\u00a0\u00a0005. Informe Anual del Estado de Guarda el Sistema de Control Interno Institucional 2021 (01-Marzo-2021).<\/strong><\/td><td><a href=\"https:\/\/drive.google.com\/file\/d\/1ijgemi16tGP3AKYFJOqc55pcCBG1XqeM\/view\" target=\"_blank\" rel=\"noopener\">Descargar<\/a><\/td><\/tr><tr><td><strong>2022<\/strong><\/td><\/tr><tr><td><strong>\u00a0\u00a0\u00a0\u00a0\u00a0001. Acta de la Primera Sesi\u00f3n Ordinaria del COCODI 2022 (24-Marzo-2022).<\/strong><\/td><td><a href=\"https:\/\/drive.google.com\/file\/d\/1QL3TnFRP6mCRCNMAmna7-q-mdVmbE2Va\/view\" target=\"_blank\" rel=\"noopener\">Descargar<\/a><\/td><\/tr><tr><td><strong>\u00a0\u00a0\u00a0\u00a0\u00a0002. Acta de la Segunda Sesi\u00f3n Ordinaria del COCODI 2022 (19-Mayo-2022).<\/strong><\/td><td><a href=\"https:\/\/drive.google.com\/file\/d\/10s-cTKpnFDIglYsp_WoW2AGSUCJnfJKf\/view\" target=\"_blank\" rel=\"noopener\">Descargar<\/a><\/td><\/tr><tr><td><strong>\u00a0\u00a0\u00a0\u00a0\u00a0003. Acta de la Tercera Sesi\u00f3n Ordinaria del COCODI 2022 (18-Agosto-2022).<\/strong><\/td><td><a href=\"https:\/\/drive.google.com\/file\/d\/1cFWtaxXMEL5fh2mi4Pjr7Gj1zFNSrNX6\/view\" target=\"_blank\" rel=\"noopener\">Descargar<\/a><\/td><\/tr><tr><td><strong>\u00a0\u00a0\u00a0\u00a0\u00a0004. Acta de la Primera Sesi\u00f3n Extraordinaria del COCODI 2022 (14-Noviembre-2022).<\/strong><\/td><td><a href=\"https:\/\/drive.google.com\/file\/d\/1AlDfCeUehb3AFPm1QW96SSRLOLZvmbAU\/view\" target=\"_blank\" rel=\"noopener\">Descargar<\/a><\/td><\/tr><tr><td><strong>\u00a0\u00a0\u00a0\u00a0\u00a0005. Acta de la Segunda Sesi\u00f3n Extraordinaria del COCODI 2022 (23-Noviembre-2022).<\/strong><\/td><td><a href=\"https:\/\/drive.google.com\/file\/d\/1YiNKQPgnCn4IA5hPSPIpx46AKeePtDLs\/view\" target=\"_blank\" rel=\"noopener\">Descargar<\/a><\/td><\/tr><tr><td><strong>\u00a0\u00a0\u00a0\u00a0\u00a0006. Acta de la Cuarta Sesi\u00f3n Ordinaria del COCODI 2022 (08-Diciembre-2022).<\/strong><\/td><td><a href=\"https:\/\/drive.google.com\/file\/d\/1etWcQ6XKv-P2M0oxIwJBjOXa9L9pWwI7\/view\" target=\"_blank\" rel=\"noopener\">Descargar<\/a><\/td><\/tr><tr><td><strong>\u00a0\u00a0\u00a0\u00a0\u00a0007. Informe Anual del Estado de Guarda el Sistema de Control Interno Institucional 2022 (16-Marzo-2022).<\/strong><\/td><td><a href=\"https:\/\/drive.google.com\/file\/d\/19oDJdQAMt8WVrNsUtv2eOwn0rQQT9dYc\/view\" target=\"_blank\" rel=\"noopener\">Descargar<\/a><\/td><\/tr><tr><td><strong>2023<\/strong><\/td><\/tr><tr><td><strong>\u00a0\u00a0\u00a0\u00a0\u00a0001. Acta de la Primera Sesi\u00f3n Ordinaria del COCODI 2023 (23-Febrero-2023).<\/strong><\/td><td><a href=\"https:\/\/drive.google.com\/file\/d\/1DjttHCJ0Ab0cj-1-mTf1cdm4HMTiadsp\/view\" target=\"_blank\" rel=\"noopener\">Descargar<\/a><\/td><\/tr><tr><td><strong>\u00a0\u00a0\u00a0\u00a0\u00a0002. Acta de la Segunda Sesi\u00f3n Ordinaria del COCODI 2023 (17-Mayo-2023).<\/strong><\/td><td><a href=\"https:\/\/drive.google.com\/file\/d\/1a2ytI843HaghCy2snptwzB159i9mCHk8\/view\" target=\"_blank\" rel=\"noopener\">Descargar<\/a><\/td><\/tr><tr><td><strong>\u00a0\u00a0\u00a0\u00a0\u00a0003. Acta de la Tercera Sesi\u00f3n Ordinaria del COCODI 2023 (17-Agosto-2023).<\/strong><\/td><td><a href=\"https:\/\/drive.google.com\/file\/d\/1TYutVQVyUFqks3mcc98FwG7iodgCzPir\/view\" target=\"_blank\" rel=\"noopener\">Descargar<\/a><\/td><\/tr><tr><td><strong>\u00a0\u00a0\u00a0\u00a0\u00a0004. Acta de la Cuarta Sesi\u00f3n Ordinaria del COCODI 2023 (22-Noviembre-2023).<\/strong><\/td><td><a href=\"https:\/\/drive.google.com\/file\/d\/1v1SCZwwDgVYszoLC7OsHzeNS8Nx0PvJC\/view\" target=\"_blank\" rel=\"noopener\">Descargar<\/a><\/td><\/tr><tr><td><strong>\u00a0\u00a0\u00a0\u00a0\u00a0005. Informe Anual del Estado de Guarda el Sistema de Control Interno Institucional 2023 (07-Febrero-2023).<\/strong><\/td><td><a href=\"https:\/\/drive.google.com\/file\/d\/1E_5dCVlkmfxNVZSbzbYCAFVyGQ4H2O98\/view\" target=\"_blank\" rel=\"noopener\">Descargar<\/a><\/td><\/tr><tr><td><strong>2024<\/strong><\/td><\/tr><tr><td><strong>\u00a0\u00a0\u00a0\u00a0\u00a0001. Acta de la Primera Sesi\u00f3n Ordinaria del COCODI 2024 (22-Febrero-2024).<\/strong><\/td><td><a href=\"https:\/\/drive.google.com\/file\/d\/11Wa36knugNO77BzfgIsu3UzV65aGI7YI\/view\" target=\"_blank\" rel=\"noopener\">Descargar<\/a><\/td><\/tr><tr><td><strong>\u00a0\u00a0\u00a0\u00a0\u00a0002. Acta de la Segunda Sesi\u00f3n Ordinaria del COCODI 2024 (16-Mayo-2024).<\/strong><\/td><td><a href=\"https:\/\/drive.google.com\/file\/d\/1KFcrYbIPN-b-dVto8JIYPS55oJxHMzt4\/view\" target=\"_blank\" rel=\"noopener\">Descargar<\/a><\/td><\/tr><tr><td><strong>\u00a0\u00a0\u00a0\u00a0\u00a0 003. Acta de la Tercera Sesi\u00f3n Ordinaria del COCODI 2024 (15-Agosto-2024).<\/strong><\/td><td><a href=\"https:\/\/drive.google.com\/file\/d\/1_x9mY3mM3m0TS41sZBMo5zS23ULSHuY5\/view\" target=\"_blank\" rel=\"noopener\">Descargar<\/a><\/td><\/tr><tr><td><strong>\u00a0\u00a0\u00a0\u00a0\u00a0 004. Acta de la Cuarta Sesi\u00f3n Ordinaria del COCODI 2024 (14-Noviembre-2024).<\/strong><\/td><td><a href=\"https:\/\/drive.google.com\/file\/d\/1UzWt8DU_0Bmlt_DngFG8xd0Txr8rfCOi\/view\" target=\"_blank\" rel=\"noopener\">Descargar<\/a><\/td><\/tr><tr><td><strong>\u00a0\u00a0\u00a0\u00a0\u00a0005. Informe Anual del Estado de Guarda el Sistema de Control Interno Institucional 2024 (23-Febrero-2024).<\/strong><\/td><td><a href=\"https:\/\/drive.google.com\/file\/d\/1KMTgVOtX1_MVRv0J7oJH2bIKBTJs9tTA\/view\" target=\"_blank\" rel=\"noopener\">Descargar<\/a><\/td><\/tr><tr><td><strong>2025<\/strong><\/td><\/tr><tr><td><strong>\u00a0\u00a0\u00a0\u00a0\u00a0001. Acta de la Primera Sesi\u00f3n Ordinaria del COCODI 2025 (27-Enero-2025).<\/strong><\/td><td><a href=\"https:\/\/drive.google.com\/file\/d\/1sAp5iE_6e0VAEQ5CRC1oEHxjcw-M9rIs\/view\" target=\"_blank\" rel=\"noopener\">Descargar<\/a><\/td><\/tr><tr><td><strong>\u00a0\u00a0\u00a0\u00a0\u00a0002. Acta de la Segunda Sesi\u00f3n Ordinaria del COCODI 2025 (16-Abril-2025).<\/strong><\/td><td><a href=\"https:\/\/drive.google.com\/file\/d\/1vxVA1ZA0IleUsoq6nrEJh6QHDFo8P4xD\/view\" target=\"_blank\" rel=\"noopener\">Descargar<\/a><\/td><\/tr><tr><td><strong>\u00a0\u00a0\u00a0\u00a0\u00a0 003. Acta de la Tercera Sesi\u00f3n Ordinaria del COCODI 2025 (17-Julio-2025).<\/strong><\/td><td><a href=\"https:\/\/drive.google.com\/file\/d\/12kapnw2FjVOw7XfNJ8h68dH23C6-CYJi\/view\" target=\"_blank\" rel=\"noopener\">Descargar<\/a><\/td><\/tr><tr><td><strong>\u00a0\u00a0\u00a0\u00a0\u00a0 004. Acta de la Primera Sesi\u00f3n Extraordinaria del COCODI 2025 (15-Octubre-2025).<\/strong><\/td><td><a href=\"https:\/\/drive.google.com\/file\/d\/1ShoZJhKmUk2pYPlD0dmP40kk0lev_R0j\/view\" target=\"_blank\" rel=\"noopener\">Descargar<\/a><\/td><\/tr><tr><td><strong>\u00a0\u00a0\u00a0\u00a0\u00a0 005. Acta de la Cuarta Sesi\u00f3n Ordinaria del COCODI 2025 (30-Octubre-2025).<\/strong><\/td><td><a href=\"https:\/\/drive.google.com\/file\/d\/1XbXCdZXHwg-pb9pfCiutM_nw8Sdeev9b\/view\" target=\"_blank\" rel=\"noopener\">Descargar<\/a><\/td><\/tr><tr><td><strong>\u00a0\u00a0\u00a0\u00a0\u00a0006. Informe Anual del Estado de Guarda el Sistema de Control Interno Institucional 2025 (28-Enero-2025).<\/strong><\/td><td><a href=\"https:\/\/drive.google.com\/file\/d\/1hwz1jjMDvMkYUvafChhJ2q2NIf8TUSsw\/view\" target=\"_blank\" rel=\"noopener\">Descargar<\/a><\/td><\/tr><tr><td><strong>2026<\/strong><\/td><\/tr><tr><td><strong>\u00a0 \u00a0 001. Acta de la Primera Sesi\u00f3n Extraordinaria del COCODI 2026.<\/strong><\/td><td><a href=\"https:\/\/drive.google.com\/file\/d\/1jJo0nE8K1jqz4_H6kL81eFfNpaqRDgv2\/view\" target=\"_blank\" rel=\"noopener\">Descargar<\/a><\/td><\/tr><tr><td><strong>\u00a0 \u00a0 002. Acta de la Primera Sesi\u00f3n Ordinaria del COCODI 2026.<\/strong><\/td><td><a href=\"https:\/\/drive.google.com\/file\/d\/1rEqtu8I638kkGqPvLPn7Zz8hD0IhvQ2f\/view\" target=\"_blank\" rel=\"noopener\">Descargar<\/a><\/td><\/tr><tr><td><strong>\u00a0 \u00a0 003. Acta de la Segunda Sesi\u00f3n Ordinaria del COCODI 2026.<\/strong><\/td><td><a href=\"https:\/\/drive.google.com\/file\/d\/1bMlIQiBhz9HM2UZ0wDMJm6A5fiJ6KvXI\/view\" target=\"_blank\" rel=\"noopener\">Descargar<\/a><\/td><\/tr><tr><td><strong>\u00a0 \u00a0 004. Acta de la Tercera Sesi\u00f3n Ordinaria del COCODI 2026.<\/strong><\/td><td><a href=\"https:\/\/drive.google.com\/file\/d\/14HhcyZxKhV_nOL5SLEqCcijuWzpj4qYy\/view\" target=\"_blank\" rel=\"noopener\">Descargar<\/a><\/td><\/tr><tr><td><strong>\u00a0 \u00a0 005. Acta de la Cuarta Sesi\u00f3n Ordinaria del COCODI 2026.<\/strong><\/td><td><a href=\"https:\/\/drive.google.com\/file\/d\/1QfosRlDXlreHwZfGthvGqWy76AVepgXT\/view\" target=\"_blank\" rel=\"noopener\">Descargar<\/a><\/td><\/tr><tr><td><strong>\u00a0 \u00a0 006. Informe Anual del Estado de Guarda el Sistema de Control Interno Institucional 2026.<\/strong><\/td><td><a href=\"https:\/\/drive.google.com\/file\/d\/17UkZCvuF1gI_bVRGiKMmLc9Kg9Na2sCZ\/view?usp=sharing\" target=\"_blank\" rel=\"noopener\">Descargar<\/a><\/td><\/tr><\/tbody><\/table><\/div>\t\t\t\t\t\t\t\t<\/div>\n\t\t\t\t<\/div>\n\t\t\t\t<\/div>\n\t\t\t\t<\/div>\n\t\t","protected":false},"excerpt":{"rendered":"<p>COMIT\u00c9 DE CONTROL Y DESEMPE\u00d1O INSTITUCIONAL INTEGRANTES M.A.N. Abril Cristina Sabido Alc\u00e9rreca.Directora General y Presidenta del Comit\u00e9 de Control y de Desempe\u00f1o Institucional del Sistema DIF Quintana Roo. Dr.N.E. Juan Carlos Rodr\u00edguez Ortiz.Subdirector General Operativo y Mejora Regulatoria y Coordinador de Control Interno del Sistema DIF Quintana Roo. Dr. Jes\u00fas Ricardo Ayala Ram\u00edrez.Subsecretario de An\u00e1lisis &#8230; <a title=\"COMIT\u00c9 DE CONTROL Y DESEMPE\u00d1O INSTITUCIONAL\" class=\"read-more\" href=\"https:\/\/dif.qroo.gob.mx\/index.php\/comite-de-control-y-desempeno-institucional\/\" aria-label=\"Leer m\u00e1s sobre COMIT\u00c9 DE CONTROL Y DESEMPE\u00d1O INSTITUCIONAL\">Leer m\u00e1s<\/a><\/p>\n","protected":false},"author":4,"featured_media":0,"parent":0,"menu_order":0,"comment_status":"closed","ping_status":"closed","template":"","meta":{"footnotes":""},"class_list":["post-37031","page","type-page","status-publish"],"yoast_head":"<!-- This site is optimized with the Yoast SEO plugin v25.3 - https:\/\/yoast.com\/wordpress\/plugins\/seo\/ -->\n<title>COMIT\u00c9 DE CONTROL Y DESEMPE\u00d1O INSTITUCIONAL - Sistema para el Desarrollo Integral de la Familia del Estado de Quintana Roo<\/title>\n<meta name=\"robots\" content=\"index, follow, max-snippet:-1, max-image-preview:large, max-video-preview:-1\" \/>\n<link rel=\"canonical\" href=\"https:\/\/dif.qroo.gob.mx\/index.php\/comite-de-control-y-desempeno-institucional\/\" \/>\n<meta property=\"og:locale\" content=\"es_MX\" \/>\n<meta property=\"og:type\" content=\"article\" \/>\n<meta property=\"og:title\" content=\"COMIT\u00c9 DE CONTROL Y DESEMPE\u00d1O INSTITUCIONAL - Sistema para el Desarrollo Integral de la Familia del Estado de Quintana Roo\" \/>\n<meta property=\"og:description\" content=\"COMIT\u00c9 DE CONTROL Y DESEMPE\u00d1O INSTITUCIONAL INTEGRANTES M.A.N. Abril Cristina Sabido Alc\u00e9rreca.Directora General y Presidenta del Comit\u00e9 de Control y de Desempe\u00f1o Institucional del Sistema DIF Quintana Roo. Dr.N.E. Juan Carlos Rodr\u00edguez Ortiz.Subdirector General Operativo y Mejora Regulatoria y Coordinador de Control Interno del Sistema DIF Quintana Roo. Dr. Jes\u00fas Ricardo Ayala Ram\u00edrez.Subsecretario de An\u00e1lisis ... Leer m\u00e1s\" \/>\n<meta property=\"og:url\" content=\"https:\/\/dif.qroo.gob.mx\/index.php\/comite-de-control-y-desempeno-institucional\/\" \/>\n<meta property=\"og:site_name\" content=\"Sistema para el Desarrollo Integral de la Familia del Estado de Quintana Roo\" \/>\n<meta property=\"article:modified_time\" content=\"2026-01-15T19:59:02+00:00\" \/>\n<meta name=\"twitter:card\" content=\"summary_large_image\" \/>\n<meta name=\"twitter:label1\" content=\"Tiempo de lectura\" \/>\n\t<meta name=\"twitter:data1\" content=\"5 minutos\" \/>\n<script type=\"application\/ld+json\" class=\"yoast-schema-graph\">{\"@context\":\"https:\/\/schema.org\",\"@graph\":[{\"@type\":\"WebPage\",\"@id\":\"https:\/\/dif.qroo.gob.mx\/index.php\/comite-de-control-y-desempeno-institucional\/\",\"url\":\"https:\/\/dif.qroo.gob.mx\/index.php\/comite-de-control-y-desempeno-institucional\/\",\"name\":\"COMIT\u00c9 DE CONTROL Y DESEMPE\u00d1O INSTITUCIONAL - Sistema para el Desarrollo Integral de la Familia del Estado de Quintana Roo\",\"isPartOf\":{\"@id\":\"https:\/\/dif.qroo.gob.mx\/#website\"},\"datePublished\":\"2024-08-22T21:55:42+00:00\",\"dateModified\":\"2026-01-15T19:59:02+00:00\",\"breadcrumb\":{\"@id\":\"https:\/\/dif.qroo.gob.mx\/index.php\/comite-de-control-y-desempeno-institucional\/#breadcrumb\"},\"inLanguage\":\"es\",\"potentialAction\":[{\"@type\":\"ReadAction\",\"target\":[\"https:\/\/dif.qroo.gob.mx\/index.php\/comite-de-control-y-desempeno-institucional\/\"]}]},{\"@type\":\"BreadcrumbList\",\"@id\":\"https:\/\/dif.qroo.gob.mx\/index.php\/comite-de-control-y-desempeno-institucional\/#breadcrumb\",\"itemListElement\":[{\"@type\":\"ListItem\",\"position\":1,\"name\":\"Inicio\",\"item\":\"https:\/\/dif.qroo.gob.mx\/\"},{\"@type\":\"ListItem\",\"position\":2,\"name\":\"COMIT\u00c9 DE CONTROL Y DESEMPE\u00d1O INSTITUCIONAL\"}]},{\"@type\":\"WebSite\",\"@id\":\"https:\/\/dif.qroo.gob.mx\/#website\",\"url\":\"https:\/\/dif.qroo.gob.mx\/\",\"name\":\"Sistema para el Desarrollo Integral de la Familia del Estado de Quintana Roo\",\"description\":\"DIF Quintana Roo\",\"publisher\":{\"@id\":\"https:\/\/dif.qroo.gob.mx\/#organization\"},\"potentialAction\":[{\"@type\":\"SearchAction\",\"target\":{\"@type\":\"EntryPoint\",\"urlTemplate\":\"https:\/\/dif.qroo.gob.mx\/?s={search_term_string}\"},\"query-input\":{\"@type\":\"PropertyValueSpecification\",\"valueRequired\":true,\"valueName\":\"search_term_string\"}}],\"inLanguage\":\"es\"},{\"@type\":\"Organization\",\"@id\":\"https:\/\/dif.qroo.gob.mx\/#organization\",\"name\":\"Sistema para el Desarrollo Integral de la Familia del Estado de Quintana Roo\",\"url\":\"https:\/\/dif.qroo.gob.mx\/\",\"logo\":{\"@type\":\"ImageObject\",\"inLanguage\":\"es\",\"@id\":\"https:\/\/dif.qroo.gob.mx\/#\/schema\/logo\/image\/\",\"url\":\"https:\/\/dif.qroo.gob.mx\/wp-content\/uploads\/2024\/08\/cropped-logo_alargado_peque.png\",\"contentUrl\":\"https:\/\/dif.qroo.gob.mx\/wp-content\/uploads\/2024\/08\/cropped-logo_alargado_peque.png\",\"width\":480,\"height\":248,\"caption\":\"Sistema para el Desarrollo Integral de la Familia del Estado de Quintana Roo\"},\"image\":{\"@id\":\"https:\/\/dif.qroo.gob.mx\/#\/schema\/logo\/image\/\"}}]}<\/script>\n<!-- \/ Yoast SEO plugin. -->","yoast_head_json":{"title":"COMIT\u00c9 DE CONTROL Y DESEMPE\u00d1O INSTITUCIONAL - Sistema para el Desarrollo Integral de la Familia del Estado de Quintana Roo","robots":{"index":"index","follow":"follow","max-snippet":"max-snippet:-1","max-image-preview":"max-image-preview:large","max-video-preview":"max-video-preview:-1"},"canonical":"https:\/\/dif.qroo.gob.mx\/index.php\/comite-de-control-y-desempeno-institucional\/","og_locale":"es_MX","og_type":"article","og_title":"COMIT\u00c9 DE CONTROL Y DESEMPE\u00d1O INSTITUCIONAL - Sistema para el Desarrollo Integral de la Familia del Estado de Quintana Roo","og_description":"COMIT\u00c9 DE CONTROL Y DESEMPE\u00d1O INSTITUCIONAL INTEGRANTES M.A.N. Abril Cristina Sabido Alc\u00e9rreca.Directora General y Presidenta del Comit\u00e9 de Control y de Desempe\u00f1o Institucional del Sistema DIF Quintana Roo. Dr.N.E. Juan Carlos Rodr\u00edguez Ortiz.Subdirector General Operativo y Mejora Regulatoria y Coordinador de Control Interno del Sistema DIF Quintana Roo. Dr. Jes\u00fas Ricardo Ayala Ram\u00edrez.Subsecretario de An\u00e1lisis ... Leer m\u00e1s","og_url":"https:\/\/dif.qroo.gob.mx\/index.php\/comite-de-control-y-desempeno-institucional\/","og_site_name":"Sistema para el Desarrollo Integral de la Familia del Estado de Quintana Roo","article_modified_time":"2026-01-15T19:59:02+00:00","twitter_card":"summary_large_image","twitter_misc":{"Tiempo de lectura":"5 minutos"},"schema":{"@context":"https:\/\/schema.org","@graph":[{"@type":"WebPage","@id":"https:\/\/dif.qroo.gob.mx\/index.php\/comite-de-control-y-desempeno-institucional\/","url":"https:\/\/dif.qroo.gob.mx\/index.php\/comite-de-control-y-desempeno-institucional\/","name":"COMIT\u00c9 DE CONTROL Y DESEMPE\u00d1O INSTITUCIONAL - Sistema para el Desarrollo Integral de la Familia del Estado de Quintana Roo","isPartOf":{"@id":"https:\/\/dif.qroo.gob.mx\/#website"},"datePublished":"2024-08-22T21:55:42+00:00","dateModified":"2026-01-15T19:59:02+00:00","breadcrumb":{"@id":"https:\/\/dif.qroo.gob.mx\/index.php\/comite-de-control-y-desempeno-institucional\/#breadcrumb"},"inLanguage":"es","potentialAction":[{"@type":"ReadAction","target":["https:\/\/dif.qroo.gob.mx\/index.php\/comite-de-control-y-desempeno-institucional\/"]}]},{"@type":"BreadcrumbList","@id":"https:\/\/dif.qroo.gob.mx\/index.php\/comite-de-control-y-desempeno-institucional\/#breadcrumb","itemListElement":[{"@type":"ListItem","position":1,"name":"Inicio","item":"https:\/\/dif.qroo.gob.mx\/"},{"@type":"ListItem","position":2,"name":"COMIT\u00c9 DE CONTROL Y DESEMPE\u00d1O INSTITUCIONAL"}]},{"@type":"WebSite","@id":"https:\/\/dif.qroo.gob.mx\/#website","url":"https:\/\/dif.qroo.gob.mx\/","name":"Sistema para el Desarrollo Integral de la Familia del Estado de Quintana Roo","description":"DIF Quintana Roo","publisher":{"@id":"https:\/\/dif.qroo.gob.mx\/#organization"},"potentialAction":[{"@type":"SearchAction","target":{"@type":"EntryPoint","urlTemplate":"https:\/\/dif.qroo.gob.mx\/?s={search_term_string}"},"query-input":{"@type":"PropertyValueSpecification","valueRequired":true,"valueName":"search_term_string"}}],"inLanguage":"es"},{"@type":"Organization","@id":"https:\/\/dif.qroo.gob.mx\/#organization","name":"Sistema para el Desarrollo Integral de la Familia del Estado de Quintana Roo","url":"https:\/\/dif.qroo.gob.mx\/","logo":{"@type":"ImageObject","inLanguage":"es","@id":"https:\/\/dif.qroo.gob.mx\/#\/schema\/logo\/image\/","url":"https:\/\/dif.qroo.gob.mx\/wp-content\/uploads\/2024\/08\/cropped-logo_alargado_peque.png","contentUrl":"https:\/\/dif.qroo.gob.mx\/wp-content\/uploads\/2024\/08\/cropped-logo_alargado_peque.png","width":480,"height":248,"caption":"Sistema para el Desarrollo Integral de la Familia del Estado de Quintana Roo"},"image":{"@id":"https:\/\/dif.qroo.gob.mx\/#\/schema\/logo\/image\/"}}]}},"_links":{"self":[{"href":"https:\/\/dif.qroo.gob.mx\/index.php\/wp-json\/wp\/v2\/pages\/37031","targetHints":{"allow":["GET"]}}],"collection":[{"href":"https:\/\/dif.qroo.gob.mx\/index.php\/wp-json\/wp\/v2\/pages"}],"about":[{"href":"https:\/\/dif.qroo.gob.mx\/index.php\/wp-json\/wp\/v2\/types\/page"}],"author":[{"embeddable":true,"href":"https:\/\/dif.qroo.gob.mx\/index.php\/wp-json\/wp\/v2\/users\/4"}],"replies":[{"embeddable":true,"href":"https:\/\/dif.qroo.gob.mx\/index.php\/wp-json\/wp\/v2\/comments?post=37031"}],"version-history":[{"count":94,"href":"https:\/\/dif.qroo.gob.mx\/index.php\/wp-json\/wp\/v2\/pages\/37031\/revisions"}],"predecessor-version":[{"id":42203,"href":"https:\/\/dif.qroo.gob.mx\/index.php\/wp-json\/wp\/v2\/pages\/37031\/revisions\/42203"}],"wp:attachment":[{"href":"https:\/\/dif.qroo.gob.mx\/index.php\/wp-json\/wp\/v2\/media?parent=37031"}],"curies":[{"name":"wp","href":"https:\/\/api.w.org\/{rel}","templated":true}]}}